{"id":25,"date":"2020-12-08T03:54:06","date_gmt":"2020-12-08T03:54:06","guid":{"rendered":"https:\/\/gaviaspreview.com\/wp\/paroti\/?page_id=25"},"modified":"2024-01-18T11:39:10","modified_gmt":"2024-01-18T10:39:10","slug":"news","status":"publish","type":"page","link":"https:\/\/www.ong-prevoyance.net\/index.php\/news\/","title":{"rendered":"Actualit\u00e9"},"content":{"rendered":"\t\t<div data-elementor-type=\"wp-page\" data-elementor-id=\"25\" class=\"elementor elementor-25\">\n\t\t\t\t\t\t<section class=\"elementor-section elementor-top-section elementor-element elementor-element-59f29e4 elementor-section-full_width elementor-section-height-default elementor-section-height-default\" data-id=\"59f29e4\" data-element_type=\"section\" data-e-type=\"section\">\n\t\t\t\t\t\t<div class=\"elementor-container elementor-column-gap-default\">\n\t\t\t\t\t<div class=\"elementor-column elementor-col-100 elementor-top-column elementor-element elementor-element-6754167\" data-id=\"6754167\" data-element_type=\"column\" data-e-type=\"column\">\n\t\t\t<div class=\"elementor-widget-wrap elementor-element-populated\">\n\t\t\t\t\t\t<div class=\"elementor-element elementor-element-458306b elementor-widget elementor-widget-gva_post_breadcrumb\" data-id=\"458306b\" data-element_type=\"widget\" data-e-type=\"widget\" data-widget_type=\"gva_post_breadcrumb.default\">\n\t\t\t\t<div class=\"elementor-widget-container\">\n\t\t\t\t\t<div class=\"gva-element-gva_post_breadcrumb gva-element\">   \r\n<div class=\"post-breadcrumb\">\r\n   <div class=\"custom-breadcrumb \" >\r\n            <div class=\"breadcrumb-main\">\r\n        <div class=\"container\">\r\n          <div class=\"breadcrumb-container-inner\">\r\n            <h2 class=\"heading-title\">Actualit\u00e9<\/h2><ol class=\"breadcrumb\"><li><a href=\"https:\/\/www.ong-prevoyance.net\">Home<\/a> <\/li> <li class=\"active\">Page<\/li><\/ol>          <\/div>  \r\n        <\/div>   \r\n      <\/div>  \r\n   <\/div>\r\n<\/div>      \r\n\r\n<\/div>\t\t\t\t<\/div>\n\t\t\t\t<\/div>\n\t\t\t\t\t<\/div>\n\t\t<\/div>\n\t\t\t\t\t<\/div>\n\t\t<\/section>\n\t\t\t\t<section class=\"elementor-section elementor-top-section elementor-element elementor-element-1fbe8dbc elementor-section-boxed elementor-section-height-default elementor-section-height-default\" data-id=\"1fbe8dbc\" data-element_type=\"section\" data-e-type=\"section\">\n\t\t\t\t\t\t<div class=\"elementor-container elementor-column-gap-default\">\n\t\t\t\t\t<div class=\"elementor-column elementor-col-100 elementor-top-column elementor-element elementor-element-505d4390\" data-id=\"505d4390\" data-element_type=\"column\" data-e-type=\"column\">\n\t\t\t<div class=\"elementor-widget-wrap elementor-element-populated\">\n\t\t\t\t\t\t<div class=\"elementor-element elementor-element-962a554 elementor-widget elementor-widget-gva-posts\" data-id=\"962a554\" data-element_type=\"widget\" data-e-type=\"widget\" data-widget_type=\"gva-posts.default\">\n\t\t\t\t<div class=\"elementor-widget-container\">\n\t\t\t\t\t<div class=\"gva-element-gva-posts gva-element\">  \r\n  <div class=\"gva-posts-grid clearfix gva-posts\">\r\n\t\t<div class=\"gva-content-items\"> \r\n\t\t  <div class=\"lg-block-grid-3 md-block-grid-3 sm-block-grid-2 xs-block-grid-2 xx-block-grid-1\">\r\n\t\t\t <div class=\"item-columns\">\n   <article class=\"post post-style-1 post-2571 type-post status-publish format-standard has-post-thumbnail hentry category-non-classe-fr\">\n      \n               <div class=\"post-thumbnail\">\n            <a href=\"https:\/\/www.ong-prevoyance.net\/index.php\/2024\/10\/09\/journee-mondiale-du-handicap\/\">\n               <img fetchpriority=\"high\" decoding=\"async\" width=\"580\" height=\"435\" src=\"https:\/\/www.ong-prevoyance.net\/wp-content\/uploads\/2024\/10\/Journee-des-personnes-Handicapees-Recupere-580x435.png\" class=\"attachment-post-thumbnail size-post-thumbnail wp-post-image\" alt=\"Le 09 octobre, journ\u00e9e mondiale du handicap\" \/>            <\/a>\n                           <div class=\"entry-date\">\n                  <span class=\"date\">09<\/span>\n                  <span class=\"month\">Oct<\/span>\n               <\/div>\n                     <\/div>   \n         \n\n      <div class=\"entry-content has-thumbnail\">\n         <div class=\"content-inner\">\n            \n            <div class=\"entry-meta\">\n               <div class=\"clearfix meta-inline post-meta-1\"><span class=\"author vcard\"><i class=\"far fa-user-circle\"><\/i>admin1<\/span><span class=\"post-comment\"><i class=\"far fa-comments\"><\/i>0 Comments<\/span><\/div>            <\/div> \n            \n            <h3 class=\"entry-title\"><a href=\"https:\/\/www.ong-prevoyance.net\/index.php\/2024\/10\/09\/journee-mondiale-du-handicap\/\" rel=\"bookmark\">Le 09 octobre, journ\u00e9e mondiale du handicap<\/a><\/h3>\n            \n            <div class=\"entry-desc\">Selon l\u2019Organisation Mondiale de la Sant\u00e9 (OMS), \u00ab&nbsp;Est handicap\u00e9e toute personne dont l&#8217;int\u00e9grit\u00e9 physique ou<\/div>            <a class=\"btn-read-more\" href=\"https:\/\/www.ong-prevoyance.net\/index.php\/2024\/10\/09\/journee-mondiale-du-handicap\/\">\n               <i class=\"fa-solid fa-angles-right\"><\/i>Read more            <\/a>\n         <\/div>\n\n      <\/div>\n   <\/article>   \n\n  <\/div><div class=\"item-columns\">\n   <article class=\"post post-style-1 post-2568 type-post status-publish format-standard has-post-thumbnail hentry category-non-classe-fr\">\n      \n               <div class=\"post-thumbnail\">\n            <a href=\"https:\/\/www.ong-prevoyance.net\/index.php\/2024\/10\/01\/journee-internationale-des-personnes-agees\/\">\n               <img decoding=\"async\" width=\"580\" height=\"435\" src=\"https:\/\/www.ong-prevoyance.net\/wp-content\/uploads\/2024\/10\/Visuel-Personne-Agees-580x435.png\" class=\"attachment-post-thumbnail size-post-thumbnail wp-post-image\" alt=\"Le 1er octobre, journ\u00e9e internationale des personnes \u00e2g\u00e9es.\" \/>            <\/a>\n                           <div class=\"entry-date\">\n                  <span class=\"date\">01<\/span>\n                  <span class=\"month\">Oct<\/span>\n               <\/div>\n                     <\/div>   \n         \n\n      <div class=\"entry-content has-thumbnail\">\n         <div class=\"content-inner\">\n            \n            <div class=\"entry-meta\">\n               <div class=\"clearfix meta-inline post-meta-1\"><span class=\"author vcard\"><i class=\"far fa-user-circle\"><\/i>admin1<\/span><span class=\"post-comment\"><i class=\"far fa-comments\"><\/i>0 Comments<\/span><\/div>            <\/div> \n            \n            <h3 class=\"entry-title\"><a href=\"https:\/\/www.ong-prevoyance.net\/index.php\/2024\/10\/01\/journee-internationale-des-personnes-agees\/\" rel=\"bookmark\">Le 1er octobre, journ\u00e9e internationale des personnes \u00e2g\u00e9es.<\/a><\/h3>\n            \n            <div class=\"entry-desc\">Le vieillissement de la population est une tendance mondiale majeure qui remod\u00e8le les soci\u00e9t\u00e9s du<\/div>            <a class=\"btn-read-more\" href=\"https:\/\/www.ong-prevoyance.net\/index.php\/2024\/10\/01\/journee-internationale-des-personnes-agees\/\">\n               <i class=\"fa-solid fa-angles-right\"><\/i>Read more            <\/a>\n         <\/div>\n\n      <\/div>\n   <\/article>   \n\n  <\/div><div class=\"item-columns\">\n   <article class=\"post post-style-1 post-2565 type-post status-publish format-standard has-post-thumbnail hentry category-non-classe-fr\">\n      \n               <div class=\"post-thumbnail\">\n            <a href=\"https:\/\/www.ong-prevoyance.net\/index.php\/2024\/09\/17\/journee-mondiale-de-la-securite-des-patients\/\">\n               <img decoding=\"async\" width=\"580\" height=\"435\" src=\"https:\/\/www.ong-prevoyance.net\/wp-content\/uploads\/2024\/09\/Journee-Mondiale-de-la-securite-des-patients-580x435.png\" class=\"attachment-post-thumbnail size-post-thumbnail wp-post-image\" alt=\"Le 17 septembre, la journ\u00e9e mondiale de la s\u00e9curit\u00e9 des patients.\" \/>            <\/a>\n                           <div class=\"entry-date\">\n                  <span class=\"date\">17<\/span>\n                  <span class=\"month\">Sep<\/span>\n               <\/div>\n                     <\/div>   \n         \n\n      <div class=\"entry-content has-thumbnail\">\n         <div class=\"content-inner\">\n            \n            <div class=\"entry-meta\">\n               <div class=\"clearfix meta-inline post-meta-1\"><span class=\"author vcard\"><i class=\"far fa-user-circle\"><\/i>admin1<\/span><span class=\"post-comment\"><i class=\"far fa-comments\"><\/i>0 Comments<\/span><\/div>            <\/div> \n            \n            <h3 class=\"entry-title\"><a href=\"https:\/\/www.ong-prevoyance.net\/index.php\/2024\/09\/17\/journee-mondiale-de-la-securite-des-patients\/\" rel=\"bookmark\">Le 17 septembre, la journ\u00e9e mondiale de la s\u00e9curit\u00e9 des patients.<\/a><\/h3>\n            \n            <div class=\"entry-desc\">La Journ\u00e9e mondiale de la s\u00e9curit\u00e9 des patients est l\u2019une des campagnes mondiales de sant\u00e9<\/div>            <a class=\"btn-read-more\" href=\"https:\/\/www.ong-prevoyance.net\/index.php\/2024\/09\/17\/journee-mondiale-de-la-securite-des-patients\/\">\n               <i class=\"fa-solid fa-angles-right\"><\/i>Read more            <\/a>\n         <\/div>\n\n      <\/div>\n   <\/article>   \n\n  <\/div><div class=\"item-columns\">\n   <article class=\"post post-style-1 post-2561 type-post status-publish format-standard has-post-thumbnail hentry category-non-classe-fr\">\n      \n               <div class=\"post-thumbnail\">\n            <a href=\"https:\/\/www.ong-prevoyance.net\/index.php\/2024\/09\/05\/la-journee-internationale-de-la-charite\/\">\n               <img loading=\"lazy\" decoding=\"async\" width=\"580\" height=\"435\" src=\"https:\/\/www.ong-prevoyance.net\/wp-content\/uploads\/2024\/09\/Visuel-05-SEPTEMBRE-580x435.png\" class=\"attachment-post-thumbnail size-post-thumbnail wp-post-image\" alt=\"LE 5 SEPTEMBRE, LA JOURNEE INTERNATIONALE DE LA CHARITE.\" \/>            <\/a>\n                           <div class=\"entry-date\">\n                  <span class=\"date\">05<\/span>\n                  <span class=\"month\">Sep<\/span>\n               <\/div>\n                     <\/div>   \n         \n\n      <div class=\"entry-content has-thumbnail\">\n         <div class=\"content-inner\">\n            \n            <div class=\"entry-meta\">\n               <div class=\"clearfix meta-inline post-meta-1\"><span class=\"author vcard\"><i class=\"far fa-user-circle\"><\/i>admin1<\/span><span class=\"post-comment\"><i class=\"far fa-comments\"><\/i>0 Comments<\/span><\/div>            <\/div> \n            \n            <h3 class=\"entry-title\"><a href=\"https:\/\/www.ong-prevoyance.net\/index.php\/2024\/09\/05\/la-journee-internationale-de-la-charite\/\" rel=\"bookmark\">LE 5 SEPTEMBRE, LA JOURNEE INTERNATIONALE DE LA CHARITE.<\/a><\/h3>\n            \n            <div class=\"entry-desc\">Cette journ\u00e9e, institu\u00e9e le 5 septembre 2012 par l\u2019Assembl\u00e9e g\u00e9n\u00e9rale de l\u2019ONU, rappelle la date<\/div>            <a class=\"btn-read-more\" href=\"https:\/\/www.ong-prevoyance.net\/index.php\/2024\/09\/05\/la-journee-internationale-de-la-charite\/\">\n               <i class=\"fa-solid fa-angles-right\"><\/i>Read more            <\/a>\n         <\/div>\n\n      <\/div>\n   <\/article>   \n\n  <\/div><div class=\"item-columns\">\n   <article class=\"post post-style-1 post-2556 type-post status-publish format-standard has-post-thumbnail hentry category-non-classe-fr\">\n      \n               <div class=\"post-thumbnail\">\n            <a href=\"https:\/\/www.ong-prevoyance.net\/index.php\/2024\/08\/19\/journee-mondiale-aide-humanitaire-19-aout\/\">\n               <img loading=\"lazy\" decoding=\"async\" width=\"580\" height=\"435\" src=\"https:\/\/www.ong-prevoyance.net\/wp-content\/uploads\/2024\/08\/WhatsApp-Image-2024-08-16-at-12.47.10-580x435.jpeg\" class=\"attachment-post-thumbnail size-post-thumbnail wp-post-image\" alt=\"\ud835\udc0b\ud835\udc1e \ud835\udfcf\ud835\udfd7 \ud835\udc1a\ud835\udc28\ud835\udc2e\u0302\ud835\udc2d, \ud835\udc25\ud835\udc1a \ud835\udc23\ud835\udc28\ud835\udc2e\ud835\udc2b\ud835\udc27\ud835\udc1e\u0301\ud835\udc1e \ud835\udc26\ud835\udc28\ud835\udc27\ud835\udc1d\ud835\udc22\ud835\udc1a\ud835\udc25\ud835\udc1e \ud835\udc1d\ud835\udc1e \ud835\udc25\u2019\ud835\udc1a\ud835\udc22\ud835\udc1d\ud835\udc1e \ud835\udc21\ud835\udc2e\ud835\udc26\ud835\udc1a\ud835\udc27\ud835\udc22\ud835\udc2d\ud835\udc1a\ud835\udc22\ud835\udc2b\ud835\udc1e.\" \/>            <\/a>\n                           <div class=\"entry-date\">\n                  <span class=\"date\">19<\/span>\n                  <span class=\"month\">Ao\u00fbt<\/span>\n               <\/div>\n                     <\/div>   \n         \n\n      <div class=\"entry-content has-thumbnail\">\n         <div class=\"content-inner\">\n            \n            <div class=\"entry-meta\">\n               <div class=\"clearfix meta-inline post-meta-1\"><span class=\"author vcard\"><i class=\"far fa-user-circle\"><\/i>admin1<\/span><span class=\"post-comment\"><i class=\"far fa-comments\"><\/i>0 Comments<\/span><\/div>            <\/div> \n            \n            <h3 class=\"entry-title\"><a href=\"https:\/\/www.ong-prevoyance.net\/index.php\/2024\/08\/19\/journee-mondiale-aide-humanitaire-19-aout\/\" rel=\"bookmark\">\ud835\udc0b\ud835\udc1e \ud835\udfcf\ud835\udfd7 \ud835\udc1a\ud835\udc28\ud835\udc2e\u0302\ud835\udc2d, \ud835\udc25\ud835\udc1a \ud835\udc23\ud835\udc28\ud835\udc2e\ud835\udc2b\ud835\udc27\ud835\udc1e\u0301\ud835\udc1e \ud835\udc26\ud835\udc28\ud835\udc27\ud835\udc1d\ud835\udc22\ud835\udc1a\ud835\udc25\ud835\udc1e \ud835\udc1d\ud835\udc1e \ud835\udc25\u2019\ud835\udc1a\ud835\udc22\ud835\udc1d\ud835\udc1e \ud835\udc21\ud835\udc2e\ud835\udc26\ud835\udc1a\ud835\udc27\ud835\udc22\ud835\udc2d\ud835\udc1a\ud835\udc22\ud835\udc2b\ud835\udc1e.<\/a><\/h3>\n            \n            <div class=\"entry-desc\">L\u2019aide humanitaire est une fa\u00e7on de venir au secours de populations victimes d\u2019une crise exceptionnelle<\/div>            <a class=\"btn-read-more\" href=\"https:\/\/www.ong-prevoyance.net\/index.php\/2024\/08\/19\/journee-mondiale-aide-humanitaire-19-aout\/\">\n               <i class=\"fa-solid fa-angles-right\"><\/i>Read more            <\/a>\n         <\/div>\n\n      <\/div>\n   <\/article>   \n\n  <\/div><div class=\"item-columns\">\n   <article class=\"post post-style-1 post-2550 type-post status-publish format-standard has-post-thumbnail hentry category-non-classe-fr\">\n      \n               <div class=\"post-thumbnail\">\n            <a href=\"https:\/\/www.ong-prevoyance.net\/index.php\/2024\/08\/12\/journee-internationale-jeunesse\/\">\n               <img loading=\"lazy\" decoding=\"async\" width=\"580\" height=\"435\" src=\"https:\/\/www.ong-prevoyance.net\/wp-content\/uploads\/2024\/08\/Visuel-12-Aout-580x435.png\" class=\"attachment-post-thumbnail size-post-thumbnail wp-post-image\" alt=\"\ud835\udc0b\ud835\udc1e \ud835\udfcf\ud835\udfd0 \ud835\udc1a\ud835\udc28\ud835\udc2e\u0302\ud835\udc2d, \ud835\udc25\ud835\udc1a \ud835\udc23\ud835\udc28\ud835\udc2e\ud835\udc2b\ud835\udc27\ud835\udc1e\u0301\ud835\udc1e \ud835\udc22\ud835\udc27\ud835\udc2d\ud835\udc1e\ud835\udc2b\ud835\udc27\ud835\udc1a\ud835\udc2d\ud835\udc22\ud835\udc28\ud835\udc27\ud835\udc1a\ud835\udc25\ud835\udc1e \ud835\udc1d\ud835\udc1e \ud835\udc25\ud835\udc1a \ud835\udc23\ud835\udc1e\ud835\udc2e\ud835\udc27\ud835\udc1e\ud835\udc2c\ud835\udc2c\ud835\udc1e\" \/>            <\/a>\n                           <div class=\"entry-date\">\n                  <span class=\"date\">12<\/span>\n                  <span class=\"month\">Ao\u00fbt<\/span>\n               <\/div>\n                     <\/div>   \n         \n\n      <div class=\"entry-content has-thumbnail\">\n         <div class=\"content-inner\">\n            \n            <div class=\"entry-meta\">\n               <div class=\"clearfix meta-inline post-meta-1\"><span class=\"author vcard\"><i class=\"far fa-user-circle\"><\/i>admin1<\/span><span class=\"post-comment\"><i class=\"far fa-comments\"><\/i>0 Comments<\/span><\/div>            <\/div> \n            \n            <h3 class=\"entry-title\"><a href=\"https:\/\/www.ong-prevoyance.net\/index.php\/2024\/08\/12\/journee-internationale-jeunesse\/\" rel=\"bookmark\">\ud835\udc0b\ud835\udc1e \ud835\udfcf\ud835\udfd0 \ud835\udc1a\ud835\udc28\ud835\udc2e\u0302\ud835\udc2d, \ud835\udc25\ud835\udc1a \ud835\udc23\ud835\udc28\ud835\udc2e\ud835\udc2b\ud835\udc27\ud835\udc1e\u0301\ud835\udc1e \ud835\udc22\ud835\udc27\ud835\udc2d\ud835\udc1e\ud835\udc2b\ud835\udc27\ud835\udc1a\ud835\udc2d\ud835\udc22\ud835\udc28\ud835\udc27\ud835\udc1a\ud835\udc25\ud835\udc1e \ud835\udc1d\ud835\udc1e \ud835\udc25\ud835\udc1a \ud835\udc23\ud835\udc1e\ud835\udc2e\ud835\udc27\ud835\udc1e\ud835\udc2c\ud835\udc2c\ud835\udc1e<\/a><\/h3>\n            \n            <div class=\"entry-desc\">\u2019adoption de cette journ\u00e9e a \u00e9t\u00e9 effective \u00e0 partir de la r\u00e9solution A\/RES\/54\/120 du 17<\/div>            <a class=\"btn-read-more\" href=\"https:\/\/www.ong-prevoyance.net\/index.php\/2024\/08\/12\/journee-internationale-jeunesse\/\">\n               <i class=\"fa-solid fa-angles-right\"><\/i>Read more            <\/a>\n         <\/div>\n\n      <\/div>\n   <\/article>   \n\n  <\/div>\t\t  <\/div>\r\n\t\t<\/div>\r\n\t\t\t\t\t <div class=\"pagination\">\r\n\t\t\t\t  <div class=\"column one pager_wrapper\"><div class=\"pager\"><div class=\"paginations\"><a href=\"https:\/\/www.ong-prevoyance.net\/index.php\/wp-json\/wp\/v2\/pages\/25\/\" class=\"page-item active\">1<\/a><a href=\"https:\/\/www.ong-prevoyance.net\/index.php\/wp-json\/wp\/v2\/pages\/25\/page\/2\/\" class=\"page-item\">2<\/a><a href=\"https:\/\/www.ong-prevoyance.net\/index.php\/wp-json\/wp\/v2\/pages\/25\/page\/3\/\" class=\"page-item\">3<\/a><span class=\"page-item\">... <\/span><a href=\"https:\/\/www.ong-prevoyance.net\/index.php\/wp-json\/wp\/v2\/pages\/25\/page\/5\/\" class=\"page-item\">5<\/a><a class=\"next_page\" href=\"https:\/\/www.ong-prevoyance.net\/index.php\/wp-json\/wp\/v2\/pages\/25\/page\/2\/\"><i class=\"fas fa-chevron-right\"><\/i><\/a><\/div><\/div><\/div>\n\t\t\t <\/div>\r\n\t\t  <\/div>\r\n  <\/div>\t\t\t\t<\/div>\n\t\t\t\t<\/div>\n\t\t\t\t\t<\/div>\n\t\t<\/div>\n\t\t\t\t\t<\/div>\n\t\t<\/section>\n\t\t\t\t<section class=\"elementor-section elementor-top-section elementor-element elementor-element-06f3089 elementor-section-boxed elementor-section-height-default elementor-section-height-default\" data-id=\"06f3089\" data-element_type=\"section\" data-e-type=\"section\">\n\t\t\t\t\t\t<div class=\"elementor-container elementor-column-gap-default\">\n\t\t\t\t\t<div class=\"elementor-column elementor-col-33 elementor-top-column elementor-element elementor-element-3e41eef\" data-id=\"3e41eef\" data-element_type=\"column\" data-e-type=\"column\" data-settings=\"{&quot;background_background&quot;:&quot;classic&quot;}\">\n\t\t\t<div class=\"elementor-widget-wrap elementor-element-populated\">\n\t\t\t\t\t\t<div class=\"elementor-element elementor-element-acf42d2 elementor-view-default elementor-widget elementor-widget-icon\" data-id=\"acf42d2\" data-element_type=\"widget\" data-e-type=\"widget\" data-widget_type=\"icon.default\">\n\t\t\t\t<div class=\"elementor-widget-container\">\n\t\t\t\t\t\t\t<div class=\"elementor-icon-wrapper\">\n\t\t\t<div class=\"elementor-icon\">\n\t\t\t<i aria-hidden=\"true\" class=\" paicon-peace-1\"><\/i>\t\t\t<\/div>\n\t\t<\/div>\n\t\t\t\t\t\t<\/div>\n\t\t\t\t<\/div>\n\t\t\t\t\t<\/div>\n\t\t<\/div>\n\t\t\t\t<div class=\"elementor-column elementor-col-66 elementor-top-column elementor-element elementor-element-94b0e80\" data-id=\"94b0e80\" data-element_type=\"column\" data-e-type=\"column\" data-settings=\"{&quot;background_background&quot;:&quot;classic&quot;}\">\n\t\t\t<div class=\"elementor-widget-wrap elementor-element-populated\">\n\t\t\t\t\t<div class=\"elementor-background-overlay\"><\/div>\n\t\t\t\t\t\t<div class=\"elementor-element elementor-element-8b11b96 elementor-widget__width-initial elementor-widget elementor-widget-heading\" data-id=\"8b11b96\" data-element_type=\"widget\" data-e-type=\"widget\" data-widget_type=\"heading.default\">\n\t\t\t\t<div class=\"elementor-widget-container\">\n\t\t\t\t\t<h2 class=\"elementor-heading-title elementor-size-default\">Faisons une diff\u00e9rence dans la vie des autres<\/h2>\t\t\t\t<\/div>\n\t\t\t\t<\/div>\n\t\t\t\t<div class=\"elementor-element elementor-element-a8e20d6 elementor-widget__width-auto elementor-widget elementor-widget-html\" data-id=\"a8e20d6\" data-element_type=\"widget\" data-e-type=\"widget\" data-widget_type=\"html.default\">\n\t\t\t\t<div class=\"elementor-widget-container\">\n\t\t\t\t\t<a class=\"btn-theme\" href=\"https:\/\/gaviaspreview.com\/wp\/paroti\/about\/\">FAIRE UN DON<\/a>\t\t\t\t<\/div>\n\t\t\t\t<\/div>\n\t\t\t\t\t<\/div>\n\t\t<\/div>\n\t\t\t\t\t<\/div>\n\t\t<\/section>\n\t\t\t\t<\/div>\n\t\t","protected":false},"excerpt":{"rendered":"<p>La perte de confiance d\u2019un employeur envers son employ\u00e9 constitue-t-elle un motif valable de licenciement? Home 09 Nov admin10 Comments Comment contourner le pr\u00e9avis lorsque nous voulons d\u00e9missionner ? Il [&hellip;]<\/p>\n","protected":false},"author":1,"featured_media":0,"parent":0,"menu_order":0,"comment_status":"closed","ping_status":"closed","template":"","meta":{"footnotes":""},"class_list":["post-25","page","type-page","status-publish","hentry"],"yoast_head":"<!-- This site is optimized with the Yoast SEO plugin v23.0 - https:\/\/yoast.com\/wordpress\/plugins\/seo\/ -->\n<title>Actualit\u00e9 - ongprevoyance<\/title>\n<meta name=\"robots\" content=\"index, follow, max-snippet:-1, max-image-preview:large, max-video-preview:-1\" \/>\n<link rel=\"canonical\" href=\"https:\/\/www.ong-prevoyance.net\/index.php\/news\/\" \/>\n<meta property=\"og:locale\" content=\"fr_FR\" \/>\n<meta property=\"og:type\" content=\"article\" \/>\n<meta property=\"og:title\" content=\"Actualit\u00e9 - ongprevoyance\" \/>\n<meta property=\"og:description\" content=\"La perte de confiance d\u2019un employeur envers son employ\u00e9 constitue-t-elle un motif valable de licenciement? Home 09 Nov admin10 Comments Comment contourner le pr\u00e9avis lorsque nous voulons d\u00e9missionner ? Il [&hellip;]\" \/>\n<meta property=\"og:url\" content=\"https:\/\/www.ong-prevoyance.net\/index.php\/news\/\" \/>\n<meta property=\"og:site_name\" content=\"ongprevoyance\" \/>\n<meta property=\"article:publisher\" content=\"https:\/\/www.facebook.com\/ongprevoyance\/\" \/>\n<meta property=\"article:modified_time\" content=\"2024-01-18T10:39:10+00:00\" \/>\n<meta property=\"og:image\" content=\"https:\/\/www.ong-prevoyance.net\/wp-content\/uploads\/2020\/03\/ouvriere-usine-contenu-debout-tablette-regardant-ailleurs.jpg\" \/>\n<meta name=\"twitter:card\" content=\"summary_large_image\" \/>\n<meta name=\"twitter:label1\" content=\"Dur\u00e9e de lecture estim\u00e9e\" \/>\n\t<meta name=\"twitter:data1\" content=\"1 minute\" \/>\n<script type=\"application\/ld+json\" class=\"yoast-schema-graph\">{\"@context\":\"https:\/\/schema.org\",\"@graph\":[{\"@type\":\"WebPage\",\"@id\":\"https:\/\/www.ong-prevoyance.net\/index.php\/news\/\",\"url\":\"https:\/\/www.ong-prevoyance.net\/index.php\/news\/\",\"name\":\"Actualit\u00e9 - ongprevoyance\",\"isPartOf\":{\"@id\":\"https:\/\/www.ong-prevoyance.net\/#website\"},\"primaryImageOfPage\":{\"@id\":\"https:\/\/www.ong-prevoyance.net\/index.php\/news\/#primaryimage\"},\"image\":{\"@id\":\"https:\/\/www.ong-prevoyance.net\/index.php\/news\/#primaryimage\"},\"thumbnailUrl\":\"https:\/\/www.ong-prevoyance.net\/wp-content\/uploads\/2020\/03\/ouvriere-usine-contenu-debout-tablette-regardant-ailleurs.jpg\",\"datePublished\":\"2020-12-08T03:54:06+00:00\",\"dateModified\":\"2024-01-18T10:39:10+00:00\",\"breadcrumb\":{\"@id\":\"https:\/\/www.ong-prevoyance.net\/index.php\/news\/#breadcrumb\"},\"inLanguage\":\"fr-FR\",\"potentialAction\":[{\"@type\":\"ReadAction\",\"target\":[\"https:\/\/www.ong-prevoyance.net\/index.php\/news\/\"]}]},{\"@type\":\"ImageObject\",\"inLanguage\":\"fr-FR\",\"@id\":\"https:\/\/www.ong-prevoyance.net\/index.php\/news\/#primaryimage\",\"url\":\"https:\/\/www.ong-prevoyance.net\/wp-content\/uploads\/2020\/03\/ouvriere-usine-contenu-debout-tablette-regardant-ailleurs-scaled.jpg\",\"contentUrl\":\"https:\/\/www.ong-prevoyance.net\/wp-content\/uploads\/2020\/03\/ouvriere-usine-contenu-debout-tablette-regardant-ailleurs-scaled.jpg\",\"width\":2560,\"height\":1707,\"caption\":\"Content female plant worker standing with tablet and looking away. Portrait of pensive African American woman doing her job, thinking and wearing uniform. Manufacture and digital technology concept\"},{\"@type\":\"BreadcrumbList\",\"@id\":\"https:\/\/www.ong-prevoyance.net\/index.php\/news\/#breadcrumb\",\"itemListElement\":[{\"@type\":\"ListItem\",\"position\":1,\"name\":\"Accueil\",\"item\":\"https:\/\/www.ong-prevoyance.net\/\"},{\"@type\":\"ListItem\",\"position\":2,\"name\":\"Actualit\u00e9\"}]},{\"@type\":\"WebSite\",\"@id\":\"https:\/\/www.ong-prevoyance.net\/#website\",\"url\":\"https:\/\/www.ong-prevoyance.net\/\",\"name\":\"ong-prevoyance\",\"description\":\"\",\"publisher\":{\"@id\":\"https:\/\/www.ong-prevoyance.net\/#organization\"},\"potentialAction\":[{\"@type\":\"SearchAction\",\"target\":{\"@type\":\"EntryPoint\",\"urlTemplate\":\"https:\/\/www.ong-prevoyance.net\/?s={search_term_string}\"},\"query-input\":\"required name=search_term_string\"}],\"inLanguage\":\"fr-FR\"},{\"@type\":\"Organization\",\"@id\":\"https:\/\/www.ong-prevoyance.net\/#organization\",\"name\":\"ong-prevoyance\",\"url\":\"https:\/\/www.ong-prevoyance.net\/\",\"logo\":{\"@type\":\"ImageObject\",\"inLanguage\":\"fr-FR\",\"@id\":\"https:\/\/www.ong-prevoyance.net\/#\/schema\/logo\/image\/\",\"url\":\"https:\/\/www.ong-prevoyance.net\/wp-content\/uploads\/2021\/08\/PHOTO-2023-06-26-12-32-13-removebg-preview-Copie.png\",\"contentUrl\":\"https:\/\/www.ong-prevoyance.net\/wp-content\/uploads\/2021\/08\/PHOTO-2023-06-26-12-32-13-removebg-preview-Copie.png\",\"width\":500,\"height\":500,\"caption\":\"ong-prevoyance\"},\"image\":{\"@id\":\"https:\/\/www.ong-prevoyance.net\/#\/schema\/logo\/image\/\"},\"sameAs\":[\"https:\/\/www.facebook.com\/ongprevoyance\/\",\"https:\/\/www.linkedin.com\/company\/ong-prevoyance\/\"]}]}<\/script>\n<!-- \/ Yoast SEO plugin. -->","yoast_head_json":{"title":"Actualit\u00e9 - ongprevoyance","robots":{"index":"index","follow":"follow","max-snippet":"max-snippet:-1","max-image-preview":"max-image-preview:large","max-video-preview":"max-video-preview:-1"},"canonical":"https:\/\/www.ong-prevoyance.net\/index.php\/news\/","og_locale":"fr_FR","og_type":"article","og_title":"Actualit\u00e9 - ongprevoyance","og_description":"La perte de confiance d\u2019un employeur envers son employ\u00e9 constitue-t-elle un motif valable de licenciement? Home 09 Nov admin10 Comments Comment contourner le pr\u00e9avis lorsque nous voulons d\u00e9missionner ? Il [&hellip;]","og_url":"https:\/\/www.ong-prevoyance.net\/index.php\/news\/","og_site_name":"ongprevoyance","article_publisher":"https:\/\/www.facebook.com\/ongprevoyance\/","article_modified_time":"2024-01-18T10:39:10+00:00","og_image":[{"url":"https:\/\/www.ong-prevoyance.net\/wp-content\/uploads\/2020\/03\/ouvriere-usine-contenu-debout-tablette-regardant-ailleurs.jpg"}],"twitter_card":"summary_large_image","twitter_misc":{"Dur\u00e9e de lecture estim\u00e9e":"1 minute"},"schema":{"@context":"https:\/\/schema.org","@graph":[{"@type":"WebPage","@id":"https:\/\/www.ong-prevoyance.net\/index.php\/news\/","url":"https:\/\/www.ong-prevoyance.net\/index.php\/news\/","name":"Actualit\u00e9 - ongprevoyance","isPartOf":{"@id":"https:\/\/www.ong-prevoyance.net\/#website"},"primaryImageOfPage":{"@id":"https:\/\/www.ong-prevoyance.net\/index.php\/news\/#primaryimage"},"image":{"@id":"https:\/\/www.ong-prevoyance.net\/index.php\/news\/#primaryimage"},"thumbnailUrl":"https:\/\/www.ong-prevoyance.net\/wp-content\/uploads\/2020\/03\/ouvriere-usine-contenu-debout-tablette-regardant-ailleurs.jpg","datePublished":"2020-12-08T03:54:06+00:00","dateModified":"2024-01-18T10:39:10+00:00","breadcrumb":{"@id":"https:\/\/www.ong-prevoyance.net\/index.php\/news\/#breadcrumb"},"inLanguage":"fr-FR","potentialAction":[{"@type":"ReadAction","target":["https:\/\/www.ong-prevoyance.net\/index.php\/news\/"]}]},{"@type":"ImageObject","inLanguage":"fr-FR","@id":"https:\/\/www.ong-prevoyance.net\/index.php\/news\/#primaryimage","url":"https:\/\/www.ong-prevoyance.net\/wp-content\/uploads\/2020\/03\/ouvriere-usine-contenu-debout-tablette-regardant-ailleurs-scaled.jpg","contentUrl":"https:\/\/www.ong-prevoyance.net\/wp-content\/uploads\/2020\/03\/ouvriere-usine-contenu-debout-tablette-regardant-ailleurs-scaled.jpg","width":2560,"height":1707,"caption":"Content female plant worker standing with tablet and looking away. Portrait of pensive African American woman doing her job, thinking and wearing uniform. Manufacture and digital technology concept"},{"@type":"BreadcrumbList","@id":"https:\/\/www.ong-prevoyance.net\/index.php\/news\/#breadcrumb","itemListElement":[{"@type":"ListItem","position":1,"name":"Accueil","item":"https:\/\/www.ong-prevoyance.net\/"},{"@type":"ListItem","position":2,"name":"Actualit\u00e9"}]},{"@type":"WebSite","@id":"https:\/\/www.ong-prevoyance.net\/#website","url":"https:\/\/www.ong-prevoyance.net\/","name":"ong-prevoyance","description":"","publisher":{"@id":"https:\/\/www.ong-prevoyance.net\/#organization"},"potentialAction":[{"@type":"SearchAction","target":{"@type":"EntryPoint","urlTemplate":"https:\/\/www.ong-prevoyance.net\/?s={search_term_string}"},"query-input":"required name=search_term_string"}],"inLanguage":"fr-FR"},{"@type":"Organization","@id":"https:\/\/www.ong-prevoyance.net\/#organization","name":"ong-prevoyance","url":"https:\/\/www.ong-prevoyance.net\/","logo":{"@type":"ImageObject","inLanguage":"fr-FR","@id":"https:\/\/www.ong-prevoyance.net\/#\/schema\/logo\/image\/","url":"https:\/\/www.ong-prevoyance.net\/wp-content\/uploads\/2021\/08\/PHOTO-2023-06-26-12-32-13-removebg-preview-Copie.png","contentUrl":"https:\/\/www.ong-prevoyance.net\/wp-content\/uploads\/2021\/08\/PHOTO-2023-06-26-12-32-13-removebg-preview-Copie.png","width":500,"height":500,"caption":"ong-prevoyance"},"image":{"@id":"https:\/\/www.ong-prevoyance.net\/#\/schema\/logo\/image\/"},"sameAs":["https:\/\/www.facebook.com\/ongprevoyance\/","https:\/\/www.linkedin.com\/company\/ong-prevoyance\/"]}]}},"_links":{"self":[{"href":"https:\/\/www.ong-prevoyance.net\/index.php\/wp-json\/wp\/v2\/pages\/25","targetHints":{"allow":["GET"]}}],"collection":[{"href":"https:\/\/www.ong-prevoyance.net\/index.php\/wp-json\/wp\/v2\/pages"}],"about":[{"href":"https:\/\/www.ong-prevoyance.net\/index.php\/wp-json\/wp\/v2\/types\/page"}],"author":[{"embeddable":true,"href":"https:\/\/www.ong-prevoyance.net\/index.php\/wp-json\/wp\/v2\/users\/1"}],"replies":[{"embeddable":true,"href":"https:\/\/www.ong-prevoyance.net\/index.php\/wp-json\/wp\/v2\/comments?post=25"}],"version-history":[{"count":7,"href":"https:\/\/www.ong-prevoyance.net\/index.php\/wp-json\/wp\/v2\/pages\/25\/revisions"}],"predecessor-version":[{"id":2387,"href":"https:\/\/www.ong-prevoyance.net\/index.php\/wp-json\/wp\/v2\/pages\/25\/revisions\/2387"}],"wp:attachment":[{"href":"https:\/\/www.ong-prevoyance.net\/index.php\/wp-json\/wp\/v2\/media?parent=25"}],"curies":[{"name":"wp","href":"https:\/\/api.w.org\/{rel}","templated":true}]}}